{"id":106,"date":"2026-09-02T14:16:46","date_gmt":"2026-09-02T14:16:46","guid":{"rendered":"https:\/\/rosanakalil.com.br\/alma\/?page_id=106"},"modified":"2026-09-02T14:18:18","modified_gmt":"2026-09-02T14:18:18","slug":"sintonia-da-alma","status":"publish","type":"page","link":"https:\/\/rosanakalil.com.br\/alma\/sintonia-da-alma\/","title":{"rendered":"Sintonia da Alma"},"content":{"rendered":"\n<figure class=\"wp-block-image size-large\"><img loading=\"lazy\" decoding=\"async\" width=\"1024\" height=\"1024\" src=\"https:\/\/rosanakalil.com.br\/alma\/wp-content\/uploads\/2026\/09\/logo_clara-1024x1024.png\" alt=\"\" class=\"wp-image-107\" srcset=\"https:\/\/rosanakalil.com.br\/alma\/wp-content\/uploads\/2026\/09\/logo_clara-1024x1024.png 1024w, https:\/\/rosanakalil.com.br\/alma\/wp-content\/uploads\/2026\/09\/logo_clara-150x150.png 150w, https:\/\/rosanakalil.com.br\/alma\/wp-content\/uploads\/2026\/09\/logo_clara-300x300.png 300w, https:\/\/rosanakalil.com.br\/alma\/wp-content\/uploads\/2026\/09\/logo_clara-271x271.png 271w, https:\/\/rosanakalil.com.br\/alma\/wp-content\/uploads\/2026\/09\/logo_clara-768x768.png 768w, https:\/\/rosanakalil.com.br\/alma\/wp-content\/uploads\/2026\/09\/logo_clara-550x550.png 550w, https:\/\/rosanakalil.com.br\/alma\/wp-content\/uploads\/2026\/09\/logo_clara-497x497.png 497w, https:\/\/rosanakalil.com.br\/alma\/wp-content\/uploads\/2026\/09\/logo_clara-100x100.png 100w, https:\/\/rosanakalil.com.br\/alma\/wp-content\/uploads\/2026\/09\/logo_clara-510x510.png 510w, https:\/\/rosanakalil.com.br\/alma\/wp-content\/uploads\/2026\/09\/logo_clara-382x382.png 382w, https:\/\/rosanakalil.com.br\/alma\/wp-content\/uploads\/2026\/09\/logo_clara-350x350.png 350w, https:\/\/rosanakalil.com.br\/alma\/wp-content\/uploads\/2026\/09\/logo_clara-630x630.png 630w, https:\/\/rosanakalil.com.br\/alma\/wp-content\/uploads\/2026\/09\/logo_clara-485x485.png 485w, https:\/\/rosanakalil.com.br\/alma\/wp-content\/uploads\/2026\/09\/logo_clara.png 1254w\" sizes=\"auto, (max-width: 1024px) 100vw, 1024px\" \/><\/figure>\n\n\n\n<h2 class=\"wp-block-heading\"><strong><em>Um reencontro com a verdade da Alma.<\/em><\/strong><\/h2>\n\n\n\n<p class=\"wp-block-paragraph\">Um processo\u00a0<strong>multidimensional e estelar para reconectar o Eu Humano ao Eu Espiritual<\/strong>, promovendo alinhamento entre corpo, energia e consci\u00eancia.<br><br>Um caminho direcionado\u00a0<strong>\u00e0s necessidades da Alma<\/strong>, e n\u00e3o para as exig\u00eancias do ego.<br><br><\/p>\n\n\n\n<h2 class=\"wp-block-heading\"><strong>\u2726 O QUE A SINTONIA DA ALMA BUSCA CONSCIENTIZAR?<\/strong><\/h2>\n\n\n\n<p class=\"wp-block-paragraph\">O que minha\u00a0<strong>Alma deseja viver neste momento<\/strong>?<br>O que preciso\u00a0<strong>soltar e desapegar<\/strong>?<br>O que preciso\u00a0<strong>aprender a sustentar<\/strong>?<br>Como\u00a0<strong>expressar minha verdadeira ess\u00eancia<\/strong>\u00a0na vida terrena?<br><\/p>\n\n\n\n<h2 class=\"wp-block-heading\"><strong>\u2727 O QUE \u00c9 REALIZADO NA SESS\u00c3O?<\/strong><br><\/h2>\n\n\n\n<ul class=\"wp-block-list\">\n<li>Canaliza\u00e7\u00e3o de energias multidimensionais e estelares<\/li>\n\n\n\n<li>Ativa\u00e7\u00e3o de geometrias sagradas e cristais et\u00e9ricos<\/li>\n\n\n\n<li>Ativa\u00e7\u00e3o de florais vibracionais e fitoenergias<\/li>\n\n\n\n<li>Reestrutura\u00e7\u00e3o dos corpos sutis e da grade cristalina humana<\/li>\n\n\n\n<li>Alinhamento \u00e0 grade cristalina da Nova Terra<\/li>\n\n\n\n<li>Ancoramento das for\u00e7as da Natureza<\/li>\n\n\n\n<li>Harmoniza\u00e7\u00e3o do fluxo da Energia Vital<\/li>\n\n\n\n<li>Mensagem Canalizada<\/li>\n\n\n\n<li>Cria\u00e7\u00e3o do Composto Vibracional Personalizado<\/li>\n\n\n\n<li>Material complementar em PDF<\/li>\n<\/ul>\n\n\n\n<p class=\"wp-block-paragraph\"><\/p>\n\n\n\n<h2 class=\"wp-block-heading\"><strong>\u2726 COMO ACONTECE?<\/strong><\/h2>\n\n\n\n<p class=\"wp-block-paragraph\">Atendimento&nbsp;<strong>100% on-line<\/strong>&nbsp;via Zoom<br>Dura\u00e7\u00e3o aproximada: 60 minutos<\/p>\n\n\n\n<p class=\"wp-block-paragraph\">Iniciamos com uma conversa via ZOOM trazendo informa\u00e7\u00f5es sobre o foco e inten\u00e7\u00e3o da sess\u00e3o.<br>Em seguida, \u00e9 realizada a Sintonia da Alma e os processos energ\u00e9ticos correspondentes ao momento da pessoa.<br>Ao final, s\u00e3o compartilhadas as principais percep\u00e7\u00f5es do atendimento e orienta\u00e7\u00f5es para integra\u00e7\u00e3o.<br>*<em>O material complementar \u00e9 enviado ap\u00f3s a sess\u00e3o por whatsapp ou e-mail.<\/em><\/p>\n\n\n\n<h2 class=\"wp-block-heading\"><strong>\u2727 COMPOSTO VIBRACIONAL, MAPEAMENTO ENERG\u00c9TICO E MATERIAL COMPLEMENTAR<\/strong><\/h2>\n\n\n\n<p class=\"wp-block-paragraph\"><strong><em>\u273b Composto Vibracional Personalizado<\/em><\/strong><\/p>\n\n\n\n<p class=\"wp-block-paragraph\">Durante a sess\u00e3o, pode ser criado um\u00a0<strong>elixir energ\u00e9tico personalizado<\/strong>, sintonizado com as frequ\u00eancias trabalhadas no atendimento.<br>Sua finalidade \u00e9\u00a0<strong>prolongar e sustentar o processo vibracional<\/strong>, auxiliando na integra\u00e7\u00e3o das frequ\u00eancias nos dias seguintes.<\/p>\n\n\n\n<p class=\"wp-block-paragraph\"><em>*Instru\u00e7\u00f5es gerais para o composto:<\/em><br>Para sua prepara\u00e7\u00e3o, o cliente dever\u00e1 providenciar um vidro \u00e2mbar de 30 ml com conta-gotas para base do composto, contendo:<\/p>\n\n\n\n<ul class=\"wp-block-list\">\n<li>Brandy entre 10% e 30%\u00a0<strong>ou<\/strong><\/li>\n\n\n\n<li>Solu\u00e7\u00e3o de \u00e1lcool de cereais (1\/3) + \u00e1gua mineral\/filtrada(2\/3)\u00a0<strong>ou<\/strong><\/li>\n\n\n\n<li>Solicitar a uma farm\u00e1cia de manipula\u00e7\u00e3o um vidro de floral Emergencial de Saint Germain (30ml &#8211; manipulado)<\/li>\n\n\n\n<li>Imprimir s\u00edmbolo vibracional enviado ap\u00f3s agendamento.<\/li>\n<\/ul>\n\n\n\n<p class=\"wp-block-paragraph\"><strong><em>\u273b Mapeamento Energ\u00e9tico &#8211; opcional<\/em><\/strong><\/p>\n\n\n\n<p class=\"wp-block-paragraph\">O atendimento pode incluir um mapeamento energ\u00e9tico realizado por meio de escalas e bi\u00f4metros radiest\u00e9sicos, contemplando:<\/p>\n\n\n\n<ul class=\"wp-block-list\">\n<li>Frequ\u00eancia vibracional dos chakras<\/li>\n\n\n\n<li>Aura e corpos sutis<\/li>\n\n\n\n<li>Equil\u00edbrio Yin-Yang<\/li>\n\n\n\n<li>Campo vibracional<\/li>\n\n\n\n<li>Frequ\u00eancia espiritual<\/li>\n\n\n\n<li>Maturidade emocional<\/li>\n\n\n\n<li>N\u00edvel de vitalidade<\/li>\n\n\n\n<li>Sentimentos e emo\u00e7\u00f5es<\/li>\n\n\n\n<li>Escala de Hawkins<\/li>\n\n\n\n<li>Sistemas, \u00f3rg\u00e3os e gl\u00e2ndulas<\/li>\n\n\n\n<li>Entre outros<\/li>\n<\/ul>\n\n\n\n<p class=\"wp-block-paragraph\"><strong><em>\u273b Material Complementar<\/em><\/strong><\/p>\n\n\n\n<p class=\"wp-block-paragraph\">Ap\u00f3s a sess\u00e3o, \u00e9 disponibilizado, via e-mail ou whatsapp, o PDF com informa\u00e7\u00f5es sobre as geometrias, cristais, florais e fitoenergias ativadas, al\u00e9m da Mensagem Canalizada e, quando contratado, do Mapeamento Energ\u00e9tico.<\/p>\n\n\n\n<h2 class=\"wp-block-heading\"><strong>\u2726 INFORMA\u00c7\u00d5ES GERAIS, VALORES E AGENDAMENTO<\/strong><\/h2>\n\n\n\n<p class=\"wp-block-paragraph\"><strong><em>\u273b Infos importantes:<\/em><\/strong><\/p>\n\n\n\n<ul class=\"wp-block-list\">\n<li>Sess\u00e3o 100% on-line via ZOOM<\/li>\n\n\n\n<li>Dura\u00e7\u00e3o m\u00e9dia: 60 minutos<\/li>\n\n\n\n<li>Em caso de imprevisto, \u00e9 poss\u00edvel remarcar a sess\u00e3o com at\u00e9 1h antes da data e hor\u00e1rio agendados.<\/li>\n\n\n\n<li>Em caso de atrasos, o tempo da sess\u00e3o n\u00e3o poder\u00e1 ser estendido. \u00a0<\/li>\n<\/ul>\n\n\n\n<p class=\"wp-block-paragraph\"><strong><em>\u273b Agendamentos:<\/em><\/strong>\u00a0<a href=\"https:\/\/forms.gle\/6hprkDcDXv5qDcXF9\" target=\"_blank\" rel=\"noopener\">CLIQUE AQUI<\/a><\/p>\n\n\n\n<p class=\"wp-block-paragraph\"><strong><em>\u273b Valores:<\/em><\/strong><\/p>\n\n\n\n<p class=\"wp-block-paragraph\"><strong>Sintonia da Alma COM Mapeamento Energ\u00e9tico:<\/strong>&nbsp;<strong>R$ 380,00 (Pix) ou R$400,00 (Cart\u00e3o de Cr\u00e9dito)<\/strong><\/p>\n\n\n\n<ul class=\"wp-block-list\">\n<li>Sintoniza\u00e7\u00e3o\/Canaliza\u00e7\u00e3o Multidimensional e Estelar<\/li>\n\n\n\n<li>Composto Vibracional<\/li>\n\n\n\n<li><strong>Inclui\u00a0<\/strong>Mapeamento Energ\u00e9tico<\/li>\n\n\n\n<li>Mensagem Canalizada<\/li>\n\n\n\n<li>Material complementar em PDF<\/li>\n<\/ul>\n\n\n\n<p class=\"wp-block-paragraph\"><strong>Sintonia da Alma SEM Mapeamento Energ\u00e9tico: &nbsp;R$ 280,00 (Pix) ou R$ 300,00 (Cart\u00e3o de Cr\u00e9dito)<\/strong><\/p>\n\n\n\n<ul class=\"wp-block-list\">\n<li>Sintoniza\u00e7\u00e3o\/Canaliza\u00e7\u00e3o Multidimensional e Estelar<\/li>\n\n\n\n<li>Composto Vibracional<\/li>\n\n\n\n<li>Mensagem Canalizada<\/li>\n\n\n\n<li>Material complementar em PDF<\/li>\n\n\n\n<li><strong>N\u00c3O\u00a0<\/strong>inclui Mapeamento Energ\u00e9tico<\/li>\n<\/ul>\n\n\n\n<p class=\"wp-block-paragraph\"><strong>Cordialmente,<br>Rosana Kalil<\/strong><br>&#8212;<br><strong><em>Canalizadora e Terapeuta<\/em><\/strong><br><em>Instagram<\/em>:\u00a0<a href=\"https:\/\/www.instagram.com\/rosanakalil\/\">https:\/\/www.instagram.com\/rosanakalil\/<\/a><br><em>E-mail<\/em>: contato@rosanakalil.com.br<br><em>Whatsapp<\/em>: <a href=\"http:\/\/wa.me\/5561999483034\" data-type=\"link\" data-id=\"http:\/\/wa.me\/5561999483034\">(61) 99948-3034<\/a><\/p>\n","protected":false},"excerpt":{"rendered":"<p>Um reencontro com a verdade da Alma. Um processo\u00a0multidimensional e estelar para reconectar o Eu Humano ao Eu Espiritual, promovendo alinhamento entre corpo, energia e consci\u00eancia. Um caminho direcionado\u00a0\u00e0s necessidades da Alma, e n\u00e3o para as exig\u00eancias do ego. \u2726 O QUE A SINTONIA DA ALMA BUSCA CONSCIENTIZAR? O que minha\u00a0Alma deseja viver neste momento?O [&hellip;]<\/p>\n","protected":false},"author":1,"featured_media":0,"parent":0,"menu_order":0,"comment_status":"closed","ping_status":"closed","template":"","meta":{"footnotes":""},"class_list":["post-106","page","type-page","status-publish","hentry"],"_links":{"self":[{"href":"https:\/\/rosanakalil.com.br\/alma\/wp-json\/wp\/v2\/pages\/106","targetHints":{"allow":["GET"]}}],"collection":[{"href":"https:\/\/rosanakalil.com.br\/alma\/wp-json\/wp\/v2\/pages"}],"about":[{"href":"https:\/\/rosanakalil.com.br\/alma\/wp-json\/wp\/v2\/types\/page"}],"author":[{"embeddable":true,"href":"https:\/\/rosanakalil.com.br\/alma\/wp-json\/wp\/v2\/users\/1"}],"replies":[{"embeddable":true,"href":"https:\/\/rosanakalil.com.br\/alma\/wp-json\/wp\/v2\/comments?post=106"}],"version-history":[{"count":1,"href":"https:\/\/rosanakalil.com.br\/alma\/wp-json\/wp\/v2\/pages\/106\/revisions"}],"predecessor-version":[{"id":108,"href":"https:\/\/rosanakalil.com.br\/alma\/wp-json\/wp\/v2\/pages\/106\/revisions\/108"}],"wp:attachment":[{"href":"https:\/\/rosanakalil.com.br\/alma\/wp-json\/wp\/v2\/media?parent=106"}],"curies":[{"name":"wp","href":"https:\/\/api.w.org\/{rel}","templated":true}]}}